{"id":17082,"date":"2025-02-13T14:01:49","date_gmt":"2025-02-13T14:01:49","guid":{"rendered":"https:\/\/www.alsusboutiquehotel.com\/?page_id=17082"},"modified":"2026-02-21T20:52:22","modified_gmt":"2026-02-21T18:52:22","slug":"privacy-policy","status":"publish","type":"page","link":"https:\/\/www.alsusboutiquehotel.com\/hu\/privacy-policy\/","title":{"rendered":"Adatv\u00e9delmi ir\u00e1nyelvek | Alsus Boutique Hotel \u2013 Csak feln\u0151tteknek"},"content":{"rendered":"<div data-elementor-type=\"wp-page\" data-elementor-id=\"17082\" class=\"elementor elementor-17082\">\n\t\t\t\t        <section class=\"elementor-section elementor-top-section elementor-element elementor-element-5022f2e8 elementor-section-boxed elementor-section-height-default elementor-section-height-default pxl-section-static-pos-no pxl-section-overflow-hidden-no pxl-container-margin-auto-no\" data-id=\"5022f2e8\" data-element_type=\"section\" data-e-type=\"section\">\n\n                \n                <div class=\"elementor-container elementor-column-gap-default\">\n                <div class=\"elementor-column elementor-col-100 elementor-top-column elementor-element elementor-element-4bb48aa1 col-offset-none pxl-column-element-default pxl-column-overflow-hidden-no\" data-id=\"4bb48aa1\" data-element_type=\"column\" data-e-type=\"column\">\r\n        <div class=\"elementor-widget-wrap elementor-element-populated\">\r\n                    \t\t<div class=\"elementor-element elementor-element-213867a elementor-widget elementor-widget-heading\" data-id=\"213867a\" data-element_type=\"widget\" data-e-type=\"widget\" data-widget_type=\"heading.default\">\n\t\t\t\t<div class=\"elementor-widget-container\">\n\t\t\t\t\t<h2 class=\"elementor-heading-title elementor-size-default\">Defin\u00edci\u00f3k<\/h2>\t\t\t\t<\/div>\n\t\t\t\t<\/div>\n\t\t\t\t<div class=\"elementor-element elementor-element-166ef50a elementor-widget elementor-widget-text-editor\" data-id=\"166ef50a\" data-element_type=\"widget\" data-e-type=\"widget\" data-widget_type=\"text-editor.default\">\n\t\t\t\t<div class=\"elementor-widget-container\">\n\t\t\t\t\t\t\t\t\t<p>Jelen Adatv\u00e9delmi Szab\u00e1lyzat alkalmaz\u00e1s\u00e1ban:<\/p>\n<p>A \u201eszem\u00e9lyes adat\u201d b\u00e1rmely azonos\u00edtott vagy azonos\u00edthat\u00f3 term\u00e9szetes szem\u00e9lyre vonatkoz\u00f3 inform\u00e1ci\u00f3t jelent.<\/p>\n<p>\u201eAdatalany\u201d alatt minden olyan szem\u00e9lyt \u00e9rt\u00fcnk, akinek a szem\u00e9lyes adatait a SAMARITIS SA feldolgozza.<\/p>\n<p>\u201eAdatkezel\u00e9s\u201d alatt a szem\u00e9lyes adatokon v\u00e9gzett b\u00e1rmely m\u0171velet \u00e9rtend\u0151, bele\u00e9rtve a gy\u0171jt\u00e9st, r\u00f6gz\u00edt\u00e9st, t\u00e1rol\u00e1st, felhaszn\u00e1l\u00e1st, nyilv\u00e1noss\u00e1gra hozatalt vagy t\u00f6rl\u00e9st.<\/p>\n<p>\u201eAdatkezel\u0151\u201d alatt a SAMARITIS SA \u00e9rtend\u0151, amely meghat\u00e1rozza a szem\u00e9lyes adatok kezel\u00e9s\u00e9nek c\u00e9ljait \u00e9s eszk\u00f6zeit.<\/p>\n<p>\u201eAdatfeldolgoz\u00f3\u201d alatt b\u00e1rmely harmadik felet \u00e9rt\u00fcnk, aki az Adatkezel\u0151 nev\u00e9ben szem\u00e9lyes adatokat kezel.<\/p>\n<p>A \u201eWeboldal\u201d a www.alsusboutiquehotel.com weboldalt jelenti.<\/p>\n<p>A \u201eGDPR\u201d az (EU) 2016\/679 rendeletre utal.<\/p>\t\t\t\t\t\t\t\t<\/div>\n\t\t\t\t<\/div>\n\t\t\t\t<div class=\"elementor-element elementor-element-18a6bd9 elementor-widget elementor-widget-heading\" data-id=\"18a6bd9\" data-element_type=\"widget\" data-e-type=\"widget\" data-widget_type=\"heading.default\">\n\t\t\t\t<div class=\"elementor-widget-container\">\n\t\t\t\t\t<h2 class=\"elementor-heading-title elementor-size-default\">Adatv\u00e9delmi ir\u00e1nyelvek<\/h2>\t\t\t\t<\/div>\n\t\t\t\t<\/div>\n\t\t\t\t<div class=\"elementor-element elementor-element-ced5607 elementor-widget elementor-widget-heading\" data-id=\"ced5607\" data-element_type=\"widget\" data-e-type=\"widget\" data-widget_type=\"heading.default\">\n\t\t\t\t<div class=\"elementor-widget-container\">\n\t\t\t\t\t<h3 class=\"elementor-heading-title elementor-size-default\">I. C\u00e9gadatok<\/h3>\t\t\t\t<\/div>\n\t\t\t\t<\/div>\n\t\t\t\t<div class=\"elementor-element elementor-element-ed0c8f2 elementor-widget elementor-widget-text-editor\" data-id=\"ed0c8f2\" data-element_type=\"widget\" data-e-type=\"widget\" data-widget_type=\"text-editor.default\">\n\t\t\t\t<div class=\"elementor-widget-container\">\n\t\t\t\t\t\t\t\t\t<p>A SAMARITIS SA \u00e1ltal \u00fczemeltetett Alsus Boutique Hotelben a bizalmat ugyan\u00fagy \u00e9rt\u00e9kelj\u00fck, mint a vend\u00e9gszeretetet.<\/p><p>A SAMARITIS SA, sz\u00e9khelye: Leof. Andrea Papandreou 50, 71414 Heraklion, G\u00f6r\u00f6gorsz\u00e1g, ad\u00f3sz\u00e1m: 094209409, Heraklioni Ad\u00f3hivatal, tel.: +30 2810 372700, e-mail: info@alsusboutiquehotel.com, a www.alsusboutiquehotel.com weboldalon kereszt\u00fcl gy\u0171jt\u00f6tt szem\u00e9lyes adatok adatkezel\u0151je.<\/p><p>Szem\u00e9lyes adatait az (EU) 2016\/679 rendelettel (\u00e1ltal\u00e1nos adatv\u00e9delmi rendelet \u2013 GDPR) \u00e9s a vonatkoz\u00f3 g\u00f6r\u00f6g jogszab\u00e1lyokkal \u00f6sszhangban kezelj\u00fck.<\/p>\t\t\t\t\t\t\t\t<\/div>\n\t\t\t\t<\/div>\n\t\t\t\t<div class=\"elementor-element elementor-element-70b79c2 elementor-widget elementor-widget-heading\" data-id=\"70b79c2\" data-element_type=\"widget\" data-e-type=\"widget\" data-widget_type=\"heading.default\">\n\t\t\t\t<div class=\"elementor-widget-container\">\n\t\t\t\t\t<h3 class=\"elementor-heading-title elementor-size-default\">II. Gy\u0171jt\u00f6tt adatok<\/h3>\t\t\t\t<\/div>\n\t\t\t\t<\/div>\n\t\t\t\t<div class=\"elementor-element elementor-element-2bcd05a elementor-widget elementor-widget-text-editor\" data-id=\"2bcd05a\" data-element_type=\"widget\" data-e-type=\"widget\" data-widget_type=\"text-editor.default\">\n\t\t\t\t<div class=\"elementor-widget-container\">\n\t\t\t\t\t\t\t\t\t<p>A szolg\u00e1ltat\u00e1sainkkal val\u00f3 interakci\u00f3j\u00e1t\u00f3l f\u00fcgg\u0151en a k\u00f6vetkez\u0151ket gy\u0171jthetj\u00fck:<\/p><p>Foglal\u00e1si adatok:<\/p><ol><li>Teljes n\u00e9v<\/li><li>E-mail c\u00edm<\/li><li>Telefonsz\u00e1m<\/li><li>C\u00edm \/ lak\u00f3hely szerinti orsz\u00e1g<\/li><li>Sz\u00e1ll\u00e1s r\u00e9szletei<\/li><li>K\u00fcl\u00f6nleges k\u00e9r\u00e9sek vagy preferenci\u00e1k<\/li><li>Fizet\u00e9si adatok<\/li><\/ol><p>Az online fizet\u00e9sek biztons\u00e1gosan ker\u00fclnek feldolgoz\u00e1sra az Eurobank e-kereskedelmi \u00e1tj\u00e1r\u00f3j\u00e1n kereszt\u00fcl. Nem t\u00e1rolunk teljes bankk\u00e1rtyaadatainkat a szervereinken.<\/p><p>Kommunik\u00e1ci\u00f3s adatok: Az \u00d6n \u00e1ltal kapcsolatfelv\u00e9teli \u0171rlapokon, e-mailes levelez\u00e9sen vagy telefonos kommunik\u00e1ci\u00f3n kereszt\u00fcl megadott inform\u00e1ci\u00f3k.<\/p><p>H\u00edrlev\u00e9l adatok: E-mail c\u00edm \u00e9s kommunik\u00e1ci\u00f3s be\u00e1ll\u00edt\u00e1sok (csak az \u00d6n kifejezett hozz\u00e1j\u00e1rul\u00e1s\u00e1val).<\/p><p>M\u0171szaki \u00e9s haszn\u00e1lati adatok:\u00a0<\/p><ol><li>IP-c\u00edm<\/li><li>B\u00f6ng\u00e9sz\u0151 t\u00edpusa \u00e9s eszk\u00f6zinform\u00e1ci\u00f3k<\/li><li>Webhely-interakci\u00f3s adatok<\/li><li>S\u00fctik<\/li><li>Google Analytics statisztik\u00e1k<\/li><\/ol>\t\t\t\t\t\t\t\t<\/div>\n\t\t\t\t<\/div>\n\t\t\t\t<div class=\"elementor-element elementor-element-fe04321 elementor-widget elementor-widget-heading\" data-id=\"fe04321\" data-element_type=\"widget\" data-e-type=\"widget\" data-widget_type=\"heading.default\">\n\t\t\t\t<div class=\"elementor-widget-container\">\n\t\t\t\t\t<h3 class=\"elementor-heading-title elementor-size-default\">III. Feldolgoz\u00e1si c\u00e9lok<\/h3>\t\t\t\t<\/div>\n\t\t\t\t<\/div>\n\t\t\t\t<div class=\"elementor-element elementor-element-088584c elementor-widget elementor-widget-text-editor\" data-id=\"088584c\" data-element_type=\"widget\" data-e-type=\"widget\" data-widget_type=\"text-editor.default\">\n\t\t\t\t<div class=\"elementor-widget-container\">\n\t\t\t\t\t\t\t\t\t<p>Szem\u00e9lyes adatait a k\u00f6vetkez\u0151 c\u00e9lb\u00f3l kezelj\u00fck:<\/p><ol><li>Foglal\u00e1sok kezel\u00e9se \u00e9s meger\u0151s\u00edt\u00e9se<\/li><li>Sz\u00e1ll\u00e1sszolg\u00e1ltat\u00e1sok ny\u00fajt\u00e1sa<\/li><li>Kommunik\u00e1ci\u00f3 \u00d6nnel a tart\u00f3zkod\u00e1sa el\u0151tt, alatt \u00e9s ut\u00e1n<\/li><li>Ad\u00f3- \u00e9s sz\u00e1mviteli k\u00f6telezetts\u00e9gek betart\u00e1sa<\/li><li>Weboldalunk \u00e9s vend\u00e9g\u00e9lm\u00e9ny\u00fcnk fejleszt\u00e9se<\/li><li>H\u00edrlevelek \u00e9s prom\u00f3ci\u00f3s anyagok k\u00fcld\u00e9se (hozz\u00e1j\u00e1rul\u00e1ssal)<\/li><li>Biztos\u00edtsa a tranzakci\u00f3k \u00e9s a weboldal biztons\u00e1g\u00e1t<\/li><\/ol>\t\t\t\t\t\t\t\t<\/div>\n\t\t\t\t<\/div>\n\t\t\t\t<div class=\"elementor-element elementor-element-f712e0f elementor-widget elementor-widget-heading\" data-id=\"f712e0f\" data-element_type=\"widget\" data-e-type=\"widget\" data-widget_type=\"heading.default\">\n\t\t\t\t<div class=\"elementor-widget-container\">\n\t\t\t\t\t<h3 class=\"elementor-heading-title elementor-size-default\">IV. Az adatkezel\u00e9s jogalapja (GDPR 6. cikk)<\/h3>\t\t\t\t<\/div>\n\t\t\t\t<\/div>\n\t\t\t\t<div class=\"elementor-element elementor-element-424b4b8 elementor-widget elementor-widget-text-editor\" data-id=\"424b4b8\" data-element_type=\"widget\" data-e-type=\"widget\" data-widget_type=\"text-editor.default\">\n\t\t\t\t<div class=\"elementor-widget-container\">\n\t\t\t\t\t\t\t\t\t<p>Szem\u00e9lyes adatokat a k\u00f6vetkez\u0151 alapon kezel\u00fcnk:<\/p><ol><li>Szerz\u0151d\u00e9s teljes\u00edt\u00e9se (foglal\u00e1si \u00e9s sz\u00e1ll\u00e1sszolg\u00e1ltat\u00e1sok)<\/li><li>Jogi k\u00f6telezetts\u00e9gek betart\u00e1sa<\/li><li>Jogos \u00e9rdek (szolg\u00e1ltat\u00e1sfejleszt\u00e9s, rendszerbiztons\u00e1g)<\/li><li>Az \u00d6n kifejezett hozz\u00e1j\u00e1rul\u00e1sa (h\u00edrlev\u00e9l \u00e9s opcion\u00e1lis s\u00fctik)<\/li><\/ol>\t\t\t\t\t\t\t\t<\/div>\n\t\t\t\t<\/div>\n\t\t\t\t<div class=\"elementor-element elementor-element-0800c21 elementor-widget elementor-widget-heading\" data-id=\"0800c21\" data-element_type=\"widget\" data-e-type=\"widget\" data-widget_type=\"heading.default\">\n\t\t\t\t<div class=\"elementor-widget-container\">\n\t\t\t\t\t<h3 class=\"elementor-heading-title elementor-size-default\">V. Adatfogad\u00f3k \/ Adatfeldolgoz\u00f3k<\/h3>\t\t\t\t<\/div>\n\t\t\t\t<\/div>\n\t\t\t\t<div class=\"elementor-element elementor-element-38dc221 elementor-widget elementor-widget-text-editor\" data-id=\"38dc221\" data-element_type=\"widget\" data-e-type=\"widget\" data-widget_type=\"text-editor.default\">\n\t\t\t\t<div class=\"elementor-widget-container\">\n\t\t\t\t\t\t\t\t\t<p>Adatait megoszthatjuk a nev\u00fcnkben elj\u00e1r\u00f3 megb\u00edzhat\u00f3 szolg\u00e1ltat\u00f3kkal, bele\u00e9rtve:<\/p><ul><li>Webhotelier (online foglal\u00e1si motor)<\/li><li>Eurobank (fizet\u00e9si \u00e1tj\u00e1r\u00f3 szolg\u00e1ltat\u00f3ja)<\/li><li>HOTELIZER (Ingatlankezel\u0151 Rendszer \u2013 PMS)<\/li><li>H\u00edrlev\u00e9l szolg\u00e1ltat\u00f3<\/li><li>Hosting \u00e9s IT t\u00e1mogat\u00f3 szolg\u00e1ltat\u00f3k<\/li><li>K\u00f6nyvel\u00e9si \u00e9s ad\u00f3tan\u00e1csad\u00f3k<\/li><\/ul><p>Minden partner szerz\u0151d\u00e9ses k\u00f6telezetts\u00e9ggel tartozik a GDPR betart\u00e1s\u00e1ra.<\/p>\t\t\t\t\t\t\t\t<\/div>\n\t\t\t\t<\/div>\n\t\t\t\t<div class=\"elementor-element elementor-element-5bb6efa elementor-widget elementor-widget-heading\" data-id=\"5bb6efa\" data-element_type=\"widget\" data-e-type=\"widget\" data-widget_type=\"heading.default\">\n\t\t\t\t<div class=\"elementor-widget-container\">\n\t\t\t\t\t<h3 class=\"elementor-heading-title elementor-size-default\">VI. Nemzetk\u00f6zi adattov\u00e1bb\u00edt\u00e1s<\/h3>\t\t\t\t<\/div>\n\t\t\t\t<\/div>\n\t\t\t\t<div class=\"elementor-element elementor-element-184dc31 elementor-widget elementor-widget-text-editor\" data-id=\"184dc31\" data-element_type=\"widget\" data-e-type=\"widget\" data-widget_type=\"text-editor.default\">\n\t\t\t\t<div class=\"elementor-widget-container\">\n\t\t\t\t\t\t\t\t\t<p>Amennyiben bizonyos szolg\u00e1ltat\u00f3k (pl. analitikai vagy h\u00edrlev\u00e9l platformok) az Eur\u00f3pai Uni\u00f3n k\u00edv\u00fcl tal\u00e1lhat\u00f3k, az adat\u00e1tvitelt az Eur\u00f3pai Bizotts\u00e1g \u00e1ltal j\u00f3v\u00e1hagyott standard szerz\u0151d\u00e9si z\u00e1rad\u00e9kok v\u00e9dik.<\/p>\t\t\t\t\t\t\t\t<\/div>\n\t\t\t\t<\/div>\n\t\t\t\t<div class=\"elementor-element elementor-element-f19b1f6 elementor-widget elementor-widget-heading\" data-id=\"f19b1f6\" data-element_type=\"widget\" data-e-type=\"widget\" data-widget_type=\"heading.default\">\n\t\t\t\t<div class=\"elementor-widget-container\">\n\t\t\t\t\t<h3 class=\"elementor-heading-title elementor-size-default\">VII. Adatmeg\u0151rz\u00e9s<\/h3>\t\t\t\t<\/div>\n\t\t\t\t<\/div>\n\t\t\t\t<div class=\"elementor-element elementor-element-9b2919b elementor-widget elementor-widget-text-editor\" data-id=\"9b2919b\" data-element_type=\"widget\" data-e-type=\"widget\" data-widget_type=\"text-editor.default\">\n\t\t\t\t<div class=\"elementor-widget-container\">\n\t\t\t\t\t\t\t\t\t<p>A szem\u00e9lyes adatokat csak a sz\u00fcks\u00e9ges ideig \u0151rizz\u00fck meg:<\/p><p>Foglal\u00e1si \u00e9s sz\u00e1ml\u00e1z\u00e1si adatok: legfeljebb 10 \u00e9vig (a g\u00f6r\u00f6g ad\u00f3t\u00f6rv\u00e9ny el\u0151\u00edr\u00e1sainak megfelel\u0151en)<\/p><p>Kapcsolatfelv\u00e9teli \u0171rlap adatai: legfeljebb 24 h\u00f3nap<\/p><p>H\u00edrlev\u00e9l adatok: a hozz\u00e1j\u00e1rul\u00e1s visszavon\u00e1s\u00e1ig<\/p><p>Analytics adatok: a Google Analytics adatmeg\u0151rz\u00e9si be\u00e1ll\u00edt\u00e1sainak megfelel\u0151en<\/p>\t\t\t\t\t\t\t\t<\/div>\n\t\t\t\t<\/div>\n\t\t\t\t<div class=\"elementor-element elementor-element-b192347 elementor-widget elementor-widget-heading\" data-id=\"b192347\" data-element_type=\"widget\" data-e-type=\"widget\" data-widget_type=\"heading.default\">\n\t\t\t\t<div class=\"elementor-widget-container\">\n\t\t\t\t\t<h3 class=\"elementor-heading-title elementor-size-default\">VIII. Az \u00d6n jogair\u00f3l<\/h3>\t\t\t\t<\/div>\n\t\t\t\t<\/div>\n\t\t\t\t<div class=\"elementor-element elementor-element-986f8cb elementor-widget elementor-widget-text-editor\" data-id=\"986f8cb\" data-element_type=\"widget\" data-e-type=\"widget\" data-widget_type=\"text-editor.default\">\n\t\t\t\t<div class=\"elementor-widget-container\">\n\t\t\t\t\t\t\t\t\t<p>A GDPR \u00e9rtelm\u00e9ben \u00d6nnek joga van a k\u00f6vetkez\u0151kh\u00f6z:<\/p><ul><li>Hozz\u00e1f\u00e9r\u00e9s a szem\u00e9lyes adataihoz<\/li><li>Pontatlan adatok jav\u00edt\u00e1s\u00e1nak k\u00e9r\u00e9se<\/li><li>T\u00f6rl\u00e9s k\u00e9r\u00e9se (ahol jogilag alkalmazhat\u00f3)<\/li><li>Feldolgoz\u00e1s korl\u00e1toz\u00e1sa<\/li><li>Tiltakoz\u00e1s a feldolgoz\u00e1s ellen<\/li><li>Adathordozhat\u00f3s\u00e1g<\/li><li>Hozz\u00e1j\u00e1rul\u00e1s b\u00e1rmikor visszavonhat\u00f3<\/li><li>Panasz beny\u00fajt\u00e1sa a G\u00f6r\u00f6g Adatv\u00e9delmi Hat\u00f3s\u00e1ghoz (www.dpa.gr)<\/li><\/ul><p>A k\u00e9r\u00e9seket a k\u00f6vetkez\u0151 c\u00edmre lehet beny\u00fajtani: info@alsusboutiquehotel.com<\/p><p>A t\u00f6rv\u00e9nyi el\u0151\u00edr\u00e1soknak megfelel\u0151en egy (1) h\u00f3napon bel\u00fcl v\u00e1laszolunk.<\/p>\t\t\t\t\t\t\t\t<\/div>\n\t\t\t\t<\/div>\n\t\t\t\t<div class=\"elementor-element elementor-element-f67f3b6 elementor-widget elementor-widget-heading\" data-id=\"f67f3b6\" data-element_type=\"widget\" data-e-type=\"widget\" data-widget_type=\"heading.default\">\n\t\t\t\t<div class=\"elementor-widget-container\">\n\t\t\t\t\t<h3 class=\"elementor-heading-title elementor-size-default\">IX. Adatbiztons\u00e1g<\/h3>\t\t\t\t<\/div>\n\t\t\t\t<\/div>\n\t\t\t\t<div class=\"elementor-element elementor-element-f46656d elementor-widget elementor-widget-text-editor\" data-id=\"f46656d\" data-element_type=\"widget\" data-e-type=\"widget\" data-widget_type=\"text-editor.default\">\n\t\t\t\t<div class=\"elementor-widget-container\">\n\t\t\t\t\t\t\t\t\t<p>Megfelel\u0151 technikai \u00e9s szervez\u00e9si int\u00e9zked\u00e9seket hajtunk v\u00e9gre szem\u00e9lyes adatainak v\u00e9delme \u00e9rdek\u00e9ben, bele\u00e9rtve:<\/p><ul><li>SSL titkos\u00edt\u00e1s<\/li><li>Biztons\u00e1gos szerverek<\/li><li>Korl\u00e1tozott hozz\u00e1f\u00e9r\u00e9s a jogosult szem\u00e9lyzet sz\u00e1m\u00e1ra<\/li><li>Titoktart\u00e1si meg\u00e1llapod\u00e1sok<\/li><li>Biztons\u00e1gos fizet\u00e9sfeldolgoz\u00f3 rendszerek<\/li><\/ul>\t\t\t\t\t\t\t\t<\/div>\n\t\t\t\t<\/div>\n\t\t\t\t<div class=\"elementor-element elementor-element-52e66ee elementor-widget elementor-widget-heading\" data-id=\"52e66ee\" data-element_type=\"widget\" data-e-type=\"widget\" data-widget_type=\"heading.default\">\n\t\t\t\t<div class=\"elementor-widget-container\">\n\t\t\t\t\t<h3 class=\"elementor-heading-title elementor-size-default\">X. S\u00fctik<\/h3>\t\t\t\t<\/div>\n\t\t\t\t<\/div>\n\t\t\t\t<div class=\"elementor-element elementor-element-eb6451e elementor-widget elementor-widget-text-editor\" data-id=\"eb6451e\" data-element_type=\"widget\" data-e-type=\"widget\" data-widget_type=\"text-editor.default\">\n\t\t\t\t<div class=\"elementor-widget-container\">\n\t\t\t\t\t\t\t\t\t<p>Weboldalunk a k\u00f6vetkez\u0151ket haszn\u00e1lja:<\/p><ul><li>Felt\u00e9tlen\u00fcl sz\u00fcks\u00e9ges s\u00fctik az alapvet\u0151 funkci\u00f3khoz<\/li><li>Analitikai s\u00fctik (Google Analytics)<\/li><li>Hozz\u00e1j\u00e1rul\u00e1st k\u00e9r\u0151 s\u00fctik a be\u00e1ll\u00edt\u00e1sok megjegyz\u00e9s\u00e9hez<\/li><\/ul><p>A s\u00fctibe\u00e1ll\u00edt\u00e1sait a weboldalunkon megjelen\u0151 s\u00fcti banneren kereszt\u00fcl kezelheti.<\/p>\t\t\t\t\t\t\t\t<\/div>\n\t\t\t\t<\/div>\n\t\t\t\t<div class=\"elementor-element elementor-element-53c229b elementor-widget elementor-widget-heading\" data-id=\"53c229b\" data-element_type=\"widget\" data-e-type=\"widget\" data-widget_type=\"heading.default\">\n\t\t\t\t<div class=\"elementor-widget-container\">\n\t\t\t\t\t<h3 class=\"elementor-heading-title elementor-size-default\">XI. A jelen szab\u00e1lyzat friss\u00edt\u00e9sei<\/h3>\t\t\t\t<\/div>\n\t\t\t\t<\/div>\n\t\t\t\t<div class=\"elementor-element elementor-element-0570509 elementor-widget elementor-widget-text-editor\" data-id=\"0570509\" data-element_type=\"widget\" data-e-type=\"widget\" data-widget_type=\"text-editor.default\">\n\t\t\t\t<div class=\"elementor-widget-container\">\n\t\t\t\t\t\t\t\t\t<p data-start=\"5173\" data-end=\"5290\">Ez az Adatv\u00e9delmi Szab\u00e1lyzat id\u0151r\u0151l id\u0151re friss\u00fclhet. Minden m\u00f3dos\u00edt\u00e1st ezen az oldalon tesz\u00fcnk k\u00f6zz\u00e9 a m\u00f3dos\u00edtott d\u00e1tummal egy\u00fctt.<\/p><p data-start=\"5173\" data-end=\"5290\"><em>Utols\u00f3 friss\u00edt\u00e9s: 2026.02.21.<\/em><\/p>\t\t\t\t\t\t\t\t<\/div>\n\t\t\t\t<\/div>\n\t\t                    <\/div>\r\n        <\/div>\r\n        \t\t\t<\/div>\n\t\t<\/section>\n\t\t\t\t<\/div>","protected":false},"excerpt":{"rendered":"<p>Definitions For the purposes of this Privacy Policy: \u201cPersonal Data\u201d means any information relating to an identified or identifiable natural person. \u201cData Subject\u201d means any individual whose personal data is processed by SAMARITIS S.A. \u201cProcessing\u201d means any operation performed on personal data, including collection, recording, storage, use, disclosure, or deletion. \u201cController\u201d means SAMARITIS S.A., which [&hellip;]<\/p>\n","protected":false},"author":1,"featured_media":0,"parent":0,"menu_order":0,"comment_status":"closed","ping_status":"closed","template":"","meta":{"footnotes":""},"class_list":["post-17082","page","type-page","status-publish","hentry"],"_links":{"self":[{"href":"https:\/\/www.alsusboutiquehotel.com\/hu\/wp-json\/wp\/v2\/pages\/17082","targetHints":{"allow":["GET"]}}],"collection":[{"href":"https:\/\/www.alsusboutiquehotel.com\/hu\/wp-json\/wp\/v2\/pages"}],"about":[{"href":"https:\/\/www.alsusboutiquehotel.com\/hu\/wp-json\/wp\/v2\/types\/page"}],"author":[{"embeddable":true,"href":"https:\/\/www.alsusboutiquehotel.com\/hu\/wp-json\/wp\/v2\/users\/1"}],"replies":[{"embeddable":true,"href":"https:\/\/www.alsusboutiquehotel.com\/hu\/wp-json\/wp\/v2\/comments?post=17082"}],"version-history":[{"count":6,"href":"https:\/\/www.alsusboutiquehotel.com\/hu\/wp-json\/wp\/v2\/pages\/17082\/revisions"}],"predecessor-version":[{"id":21281,"href":"https:\/\/www.alsusboutiquehotel.com\/hu\/wp-json\/wp\/v2\/pages\/17082\/revisions\/21281"}],"wp:attachment":[{"href":"https:\/\/www.alsusboutiquehotel.com\/hu\/wp-json\/wp\/v2\/media?parent=17082"}],"curies":[{"name":"munkaf\u00fczet","href":"https:\/\/api.w.org\/{rel}","templated":true}]}}